{"id":1115,"date":"2023-08-07T09:10:07","date_gmt":"2023-08-07T07:10:07","guid":{"rendered":"https:\/\/casereports.okulistyka21.pl\/?page_id=1115"},"modified":"2024-11-06T10:26:44","modified_gmt":"2024-11-06T09:26:44","slug":"regulations-2024","status":"publish","type":"page","link":"https:\/\/casereports.okulistyka21.pl\/pl\/regulations-2024\/","title":{"rendered":"Regulations &#8211; 2024"},"content":{"rendered":"<div data-elementor-type=\"wp-page\" data-elementor-id=\"1115\" class=\"elementor elementor-1115\" data-elementor-settings=\"[]\">\n\t\t\t\t\t\t<div class=\"elementor-inner\">\n\t\t\t\t\t\t\t<div class=\"elementor-section-wrap\">\n\t\t\t\t\t\t\t<section class=\"elementor-section elementor-top-section elementor-element elementor-element-72e8401 elementor-section-boxed elementor-section-height-default elementor-section-height-default\" data-id=\"72e8401\" data-element_type=\"section\">\n\t\t\t\t\t\t<div class=\"elementor-container elementor-column-gap-default\">\n\t\t\t\t\t\t\t<div class=\"elementor-row\">\n\t\t\t\t\t<div class=\"elementor-column elementor-col-100 elementor-top-column elementor-element elementor-element-5697ee1\" data-id=\"5697ee1\" data-element_type=\"column\">\n\t\t\t<div class=\"elementor-column-wrap elementor-element-populated\">\n\t\t\t\t\t\t\t<div class=\"elementor-widget-wrap\">\n\t\t\t\t\t\t<div class=\"elementor-element elementor-element-2d00881 elementor-widget elementor-widget-text-editor\" data-id=\"2d00881\" data-element_type=\"widget\" data-widget_type=\"text-editor.default\">\n\t\t\t\t<div class=\"elementor-widget-container\">\n\t\t\t\t\t<div class=\"elementor-text-editor elementor-clearfix\"><h3>Regulamin rejestracji i uczestnictwa w konferencji naukowej<\/h3><h3>Przypadki Kliniczne w Okulistyce 2024<\/h3><p><strong>\u00a71<\/strong><\/p><p><strong>Postanowienia og\u00f3lne<\/strong><\/p><\/div>\n\t\t\t\t<\/div>\n\t\t\t\t<\/div>\n\t\t\t\t<div class=\"elementor-element elementor-element-101406d elementor-widget elementor-widget-text-editor\" data-id=\"101406d\" data-element_type=\"widget\" data-widget_type=\"text-editor.default\">\n\t\t\t\t<div class=\"elementor-widget-container\">\n\t\t\t\t\t<div class=\"elementor-text-editor elementor-clearfix\"><ol><li>Konferencja <strong>Przypadki Kliniczne w Okulistyce 2024<\/strong> zwana w dalszej cz\u0119\u015bci Konferencj\u0105\nodb\u0119dzie si\u0119 22 listopada 2024 roku w formule online.<\/li><li>Organizatorem Konferencji jest<strong> Fundacja Wspierania Rozwoju Okulistyki \u201eOKULISTYKA 21\u201d<\/strong> z siedzib\u0105 w Poznaniu (60-\n836) przy ul. Adama Mickiewicza 24 lok. 3B.<\/li><li>Postanowienia niniejszego Regulaminu stanowi\u0105 integraln\u0105 cz\u0119\u015b\u0107 zg\u0142oszenia uczestnictwa\nw Konferencji i obowi\u0105zuj\u0105 wszystkich Uczestnik\u00f3w.<\/li><li>Konferencja dedykowana jest lekarzom okulistom.<\/li><li>W Konferencji mog\u0105 bra\u0107 udzia\u0142 przedstawiciele sponsor\u00f3w. Ich uczestnictwo w Konferencji\nszczeg\u00f3\u0142owo okre\u015blaj\u0105 odr\u0119bne uregulowania.<\/li><li>Oficjalny serwis internetowy Konferencji znajduje si\u0119 pod adresem: <a href=\"https:\/\/casereports.okulistyka21.pl\/pl\/\">https:\/\/casereports.okulistyka21.pl<\/a><\/li><li>W ramach Konferencji odb\u0119d\u0105 si\u0119 sesje wyk\u0142adowe, kt\u00f3rych szczeg\u00f3\u0142owy program znajduje si\u0119 na oficjalnej stronie Konferencji.<\/li><li>Organizator dopuszcza mo\u017cliwo\u015b\u0107 pojawienia si\u0119 tre\u015bci reklamowych\/promocyjnych w trakcie\ntrwania Konferencji.<\/li><\/ol><\/div>\n\t\t\t\t<\/div>\n\t\t\t\t<\/div>\n\t\t\t\t<div class=\"elementor-element elementor-element-9686ab5 elementor-widget elementor-widget-text-editor\" data-id=\"9686ab5\" data-element_type=\"widget\" data-widget_type=\"text-editor.default\">\n\t\t\t\t<div class=\"elementor-widget-container\">\n\t\t\t\t\t<div class=\"elementor-text-editor elementor-clearfix\"><p><strong>\u00a72<\/strong><\/p><p><strong>Zasady uczestnictwa<\/strong><\/p><\/div>\n\t\t\t\t<\/div>\n\t\t\t\t<\/div>\n\t\t\t\t<div class=\"elementor-element elementor-element-d948e6b elementor-widget elementor-widget-text-editor\" data-id=\"d948e6b\" data-element_type=\"widget\" data-widget_type=\"text-editor.default\">\n\t\t\t\t<div class=\"elementor-widget-container\">\n\t\t\t\t\t<div class=\"elementor-text-editor elementor-clearfix\"><ol>\n<li>Warunkiem udzia\u0142u w Konferencji jest dokonanie rejestracji na podanej przez Organizatora\nstronie internetowej Konferencji<\/li>\n<li>W celu dokonania rejestracji uczestnik uzupe\u0142nia formularz rejestracyjny nast\u0119puj\u0105cymi danymi:\nimi\u0119, nazwisko, e-mail, nr telefonu, zaw\u00f3d (dana jedynie do cel\u00f3w statystycznych);<\/li><li>Udzia\u0142 w Konferencji jest bezp\u0142atny.<\/li>\n<li>Osoba dokonuj\u0105ca Zg\u0142oszenia podejmuj\u0105c czynno\u015bci w celu dokonania Zg\u0142oszenia potwierdza,\n\u017ce dane zg\u0142aszanego uczestnika s\u0105 prawdziwe, a osoba zg\u0142aszana do wzi\u0119cia udzia\u0142u\nw Konferencji wyrazi\u0142a zgod\u0119 na dokonanie Zg\u0142oszenia z uwzgl\u0119dnieniem jej danych osobowych.<\/li>\n<li>Administratorem danych osobowych jest Organizator. Szczeg\u00f3\u0142owe dane Organizatora:<\/li>\n<\/ol>\n<p><strong>&nbsp; &nbsp; &nbsp; &nbsp; &nbsp; Fundacja Wspierania Rozwoju Okulistyki \u201eOKULISTYKA 21\u201d<\/strong> z siedzib\u0105 w Poznaniu (60-\n836) przy ul. Adama Mickiewicza 24 lok. 3B.<\/p>\n<p><span style=\"color: var( --e-global-color-text ); font-family: var( --e-global-typography-text-font-family ), Sans-serif; font-weight: var( --e-global-typography-text-font-weight ); font-size: 1rem;\">&nbsp; &nbsp; &nbsp; &nbsp; &nbsp; Z Administratorem Danych mo\u017cna si\u0119 kontaktowa\u0107\nza po\u015brednictwem poczty elektronicznej pod adresem: biuro@okulistyka21.pl.<\/span><span style=\"color: var( --e-global-color-text ); font-family: var( --e-global-typography-text-font-family ), Sans-serif; font-weight: var( --e-global-typography-text-font-weight ); font-size: 1rem;\">.<\/span><\/p>\n<ol start=\"6\">\n<li>Dane przetwarzane b\u0119d\u0105 w celu wzi\u0119cia udzia\u0142u w Konferencji, dokonania niezb\u0119dnych rozlicze\u0144,\narchiwizacji, rozpatrzenia reklamacji w przypadku jej z\u0142o\u017cenia, b\u0105d\u017a ewentualnego dochodzenia\nroszcze\u0144, jak te\u017c marketingu bezpo\u015bredniego w\u0142asnych produkt\u00f3w lub us\u0142ug prowadzonego w\nformie tradycyjnej, co nie wymaga zgody.<\/li>\n<li>Uczestnik Konferencji ma prawo dost\u0119pu do tre\u015bci swoich danych i ich sprostowania, usuni\u0119cia,\nograniczenia przetwarzania, prawo do przenoszenia danych, prawo do wniesienia sprzeciwu\nwobec przetwarzania oraz prawo do cofni\u0119cia zgody (w przypadku jej wyra\u017cenia) w dowolnym\nmomencie bez wp\u0142ywu na zgodno\u015b\u0107 z prawem przetwarzania. Podanie danych w zakresie\nwskazanym w trakcie procedury rejestracji na Konferencji jest dobrowolne, ale niezb\u0119dne w celu\nwzi\u0119cia udzia\u0142u w Konferencji.<\/li>\n<\/ol><\/div>\n\t\t\t\t<\/div>\n\t\t\t\t<\/div>\n\t\t\t\t<div class=\"elementor-element elementor-element-a1ce0bd elementor-widget elementor-widget-text-editor\" data-id=\"a1ce0bd\" data-element_type=\"widget\" data-widget_type=\"text-editor.default\">\n\t\t\t\t<div class=\"elementor-widget-container\">\n\t\t\t\t\t<div class=\"elementor-text-editor elementor-clearfix\"><p><strong>\u00a73<\/strong><\/p><p><strong>Uczestnictwo w Konferencji<\/strong><\/p><\/div>\n\t\t\t\t<\/div>\n\t\t\t\t<\/div>\n\t\t\t\t<div class=\"elementor-element elementor-element-8fb07be elementor-widget elementor-widget-text-editor\" data-id=\"8fb07be\" data-element_type=\"widget\" data-widget_type=\"text-editor.default\">\n\t\t\t\t<div class=\"elementor-widget-container\">\n\t\t\t\t\t<div class=\"elementor-text-editor elementor-clearfix\"><ol>\n \t<li>Uczestnictwo w Konferencji odbywaj\u0105cej si\u0119 z wykorzystaniem \u015brodk\u00f3w komunikacji\nelektronicznej wymaga dysponowania przez uczestnika Konferencji systemem\nteleinformatycznym spe\u0142niaj\u0105cym nast\u0119puj\u0105ce wymagania:\n<ol type=\"a\">\n \t<li>Dost\u0119p do Internetu,<\/li>\n \t<li>Urz\u0105dzenie ko\u0144cowe,<\/li>\n \t<li>Zastosowanie w niekt\u00f3rych przypadkach oprogramowania umo\u017cliwiaj\u0105cego odczytywanie\nplik\u00f3w w r\u00f3\u017cnych formatach (m.in. graficznych, d\u017awi\u0119kowych, multimedialnych, tekstowych,\nwideo, itp.).<\/li>\n<\/ol>\n<\/li>\n \t<li>Organizator zastrzega sobie prawo do zmian programu Konferencji, w szczeg\u00f3lno\u015bci polegaj\u0105cej\nna zmianie godziny danego wyst\u0105pienia, zmianie osoby prowadz\u0105cej, jak r\u00f3wnie\u017c do odwo\u0142ania\nKonferencji. Uczestnikowi nie przys\u0142uguje w takim przypadku prawo do odszkodowania ze strony\nOrganizatora.<\/li>\n \t<li>O ile jest to niezb\u0119dne ze wzgl\u0119du na charakter Konferencji odbywaj\u0105cej si\u0119 z wykorzystaniem\n\u015brodk\u00f3w komunikacji elektronicznej, Organizator w procesie Zg\u0142oszenia przekazuje informacj\u0119\no ewentualnych dodatkowych wymaganiach technicznych niezb\u0119dnych do wzi\u0119cia udzia\u0142u\nw Konferencji.<\/li>\n \t<li>Organizator Konferencji, odbywaj\u0105cej si\u0119 z wykorzystaniem \u015brodk\u00f3w komunikacji elektronicznej\nnie ponosi odpowiedzialno\u015bci za:\n<ol type=\"a\">\n \t<li>Problemy telekomunikacyjne wywo\u0142ane dzia\u0142aniami lub zaniechaniami os\u00f3b trzecich<\/li>\n \t<li>Niedzia\u0142anie albo wadliwe dzia\u0142anie wykorzystywanego przez uczestnika Konferencji\noprogramowania firm trzecich, w tym dzia\u0142anie wirus\u00f3w komputerowych<\/li>\n \t<li>Niew\u0142a\u015bciw\u0105 konfiguracj\u0119 sprz\u0119tu wykorzystanego przez uczestnika Konferencji w celu wzi\u0119cia\nudzia\u0142u w Konferencji<\/li>\n \t<li>Wady sprz\u0119tu komputerowego uczestnika Konferencji<\/li>\n \t<li>Brak lub przerwy w dost\u0119pie do Internetu po stronie uczestnik Konferencji<\/li>\n \t<li>Inne okoliczno\u015bci uniemo\u017cliwiaj\u0105ce lub utrudniaj\u0105ce uczestnictwo w Konferencji\nniespowodowane dzia\u0142aniami lub zaniechaniami Organizatora.<\/li>\n<\/ol>\n<\/li>\n<\/ol><\/div>\n\t\t\t\t<\/div>\n\t\t\t\t<\/div>\n\t\t\t\t<div class=\"elementor-element elementor-element-5018e8f elementor-widget elementor-widget-text-editor\" data-id=\"5018e8f\" data-element_type=\"widget\" data-widget_type=\"text-editor.default\">\n\t\t\t\t<div class=\"elementor-widget-container\">\n\t\t\t\t\t<div class=\"elementor-text-editor elementor-clearfix\"><p><strong>\u00a74<\/strong><\/p><p><strong>Prawa autorskie<\/strong><\/p><\/div>\n\t\t\t\t<\/div>\n\t\t\t\t<\/div>\n\t\t\t\t<div class=\"elementor-element elementor-element-f855f04 elementor-widget elementor-widget-text-editor\" data-id=\"f855f04\" data-element_type=\"widget\" data-widget_type=\"text-editor.default\">\n\t\t\t\t<div class=\"elementor-widget-container\">\n\t\t\t\t\t<div class=\"elementor-text-editor elementor-clearfix\"><ol><li>Nagrywanie, kopiowanie i rozpowszechnianie tre\u015bci Konferencji jest kategorycznie zabronione.<\/li><li>Tre\u015bci prezentowane s\u0105 przez w\u0142a\u015bcicieli praw autorskich osobi\u015bcie lub za zgod\u0105 oraz wiedz\u0105 w\u0142a\u015bcicieli praw autorskich.<\/li><li>Obr\u00f3t materia\u0142ami edukacyjnymi nast\u0119puje za zgod\u0105 ich tw\u00f3rc\u00f3w i nie narusza przepis\u00f3w prawa, zgodnie z ustaw\u0105 z dnia 4 lutego 1994 r. o prawie autorskim i prawach pokrewnych.<\/li><\/ol><\/div>\n\t\t\t\t<\/div>\n\t\t\t\t<\/div>\n\t\t\t\t<div class=\"elementor-element elementor-element-2e5b9b0 elementor-widget elementor-widget-text-editor\" data-id=\"2e5b9b0\" data-element_type=\"widget\" data-widget_type=\"text-editor.default\">\n\t\t\t\t<div class=\"elementor-widget-container\">\n\t\t\t\t\t<div class=\"elementor-text-editor elementor-clearfix\"><p><strong>\u00a75<\/strong><\/p><p><strong>Reklamacje<\/strong><\/p><\/div>\n\t\t\t\t<\/div>\n\t\t\t\t<\/div>\n\t\t\t\t<div class=\"elementor-element elementor-element-af708d8 elementor-widget elementor-widget-text-editor\" data-id=\"af708d8\" data-element_type=\"widget\" data-widget_type=\"text-editor.default\">\n\t\t\t\t<div class=\"elementor-widget-container\">\n\t\t\t\t\t<div class=\"elementor-text-editor elementor-clearfix\"><p>Wszelkie reklamacje Uczestnik\u00f3w Konferencji wobec Organizatora powinny by\u0107 zg\u0142aszane w formie pisemnej listem poleconym za potwierdzeniem odbioru na adres siedziby Organizatora.<\/p><\/div>\n\t\t\t\t<\/div>\n\t\t\t\t<\/div>\n\t\t\t\t<div class=\"elementor-element elementor-element-2cca946 elementor-widget elementor-widget-text-editor\" data-id=\"2cca946\" data-element_type=\"widget\" data-widget_type=\"text-editor.default\">\n\t\t\t\t<div class=\"elementor-widget-container\">\n\t\t\t\t\t<div class=\"elementor-text-editor elementor-clearfix\"><p><strong>\u00a76<\/strong><\/p><p><strong>Postanowienia og\u00f3lne<\/strong><\/p><\/div>\n\t\t\t\t<\/div>\n\t\t\t\t<\/div>\n\t\t\t\t<div class=\"elementor-element elementor-element-2552427 elementor-widget elementor-widget-text-editor\" data-id=\"2552427\" data-element_type=\"widget\" data-widget_type=\"text-editor.default\">\n\t\t\t\t<div class=\"elementor-widget-container\">\n\t\t\t\t\t<div class=\"elementor-text-editor elementor-clearfix\"><p>Postanowienia og\u00f3lne\nNiniejszy regulamin obowi\u0105zuje od chwili jego opublikowania na Stronie Konferencji. Organizator zastrzega sobie prawo do jego zmiany, z zastrze\u017ceniem, \u017ce dokonane zmiany obowi\u0105zuj\u0105 od chwili ich przekazania do publicznej wiadomo\u015bci.<\/p><\/div>\n\t\t\t\t<\/div>\n\t\t\t\t<\/div>\n\t\t\t\t\t\t<\/div>\n\t\t\t\t\t<\/div>\n\t\t<\/div>\n\t\t\t\t\t\t\t\t<\/div>\n\t\t\t\t\t<\/div>\n\t\t<\/section>\n\t\t\t\t\t\t<\/div>\n\t\t\t\t\t\t<\/div>\n\t\t\t\t\t<\/div>","protected":false},"excerpt":{"rendered":"<p>Regulations for registration and participation in the scientific conference Case Reports in Ophthalmology 2024 \u00a71 General Conference Case Reports in Ophthalmology 2024 hereinafter referred as the Conference will be held on November 22, 2024 in the online format. The Organizer of the Conference is The Foundation for the Development of Ophthalmology \u201eOPHTHALMOLOGY 21\u201d based in [&hellip;]<\/p>","protected":false},"author":3,"featured_media":0,"parent":0,"menu_order":0,"comment_status":"closed","ping_status":"closed","template":"","meta":[],"_links":{"self":[{"href":"https:\/\/casereports.okulistyka21.pl\/pl\/wp-json\/wp\/v2\/pages\/1115"}],"collection":[{"href":"https:\/\/casereports.okulistyka21.pl\/pl\/wp-json\/wp\/v2\/pages"}],"about":[{"href":"https:\/\/casereports.okulistyka21.pl\/pl\/wp-json\/wp\/v2\/types\/page"}],"author":[{"embeddable":true,"href":"https:\/\/casereports.okulistyka21.pl\/pl\/wp-json\/wp\/v2\/users\/3"}],"replies":[{"embeddable":true,"href":"https:\/\/casereports.okulistyka21.pl\/pl\/wp-json\/wp\/v2\/comments?post=1115"}],"version-history":[{"count":16,"href":"https:\/\/casereports.okulistyka21.pl\/pl\/wp-json\/wp\/v2\/pages\/1115\/revisions"}],"predecessor-version":[{"id":1824,"href":"https:\/\/casereports.okulistyka21.pl\/pl\/wp-json\/wp\/v2\/pages\/1115\/revisions\/1824"}],"wp:attachment":[{"href":"https:\/\/casereports.okulistyka21.pl\/pl\/wp-json\/wp\/v2\/media?parent=1115"}],"curies":[{"name":"wp","href":"https:\/\/api.w.org\/{rel}","templated":true}]}}